{"id":10184,"date":"2017-12-01T14:54:15","date_gmt":"2017-12-01T13:54:15","guid":{"rendered":"https:\/\/www.oc-jahorina.com\/?page_id=10184"},"modified":"2026-02-11T10:11:17","modified_gmt":"2026-02-11T09:11:17","slug":"ski-skola","status":"publish","type":"page","link":"https:\/\/www.oc-jahorina.com\/en\/ski-skola\/","title":{"rendered":"Ski &#038; Snowboard school \u201eOlympic Center Jahorina\u201c"},"content":{"rendered":"\t\t<div data-elementor-type=\"wp-page\" data-elementor-id=\"10184\" class=\"elementor elementor-10184\" data-elementor-settings=\"{&quot;ha_cmc_init_switcher&quot;:&quot;no&quot;}\">\n\t\t\t\t\t\t<section class=\"elementor-section elementor-top-section elementor-element elementor-element-bb5b172 elementor-section-boxed elementor-section-height-default elementor-section-height-default\" data-id=\"bb5b172\" data-element_type=\"section\" data-settings=\"{&quot;_ha_eqh_enable&quot;:false}\">\n\t\t\t\t\t\t<div class=\"elementor-container elementor-column-gap-default\">\n\t\t\t\t\t<div class=\"elementor-column elementor-col-100 elementor-top-column elementor-element elementor-element-8e00a07\" data-id=\"8e00a07\" data-element_type=\"column\">\n\t\t\t<div class=\"elementor-widget-wrap elementor-element-populated\">\n\t\t\t\t\t\t<div class=\"elementor-element elementor-element-c3cb3fc elementor-widget elementor-widget-text-editor\" data-id=\"c3cb3fc\" data-element_type=\"widget\" data-widget_type=\"text-editor.default\">\n\t\t\t\t<div class=\"elementor-widget-container\">\n\t\t\t\t\t\t\t\t\t<h2><span style=\"color: #000000;\"><\/span><\/p>\n<h2><span style=\"color: #000000;\"><strong>Ski and Snowboard School &#8220;Olympic Center Jahorina&#8221; &#8211; Feel Life on Skis<\/strong><\/span><\/h2>\n<p><span style=\"color: #000000;\">Do you want to learn or improve your skiing or snowboarding skills? Look no further than the Ski School of the Olympic Center Jahorina, where experienced, licensed, and professional ski and snowboard instructors are ready to help you make skiing your favorite sport. Thousands of satisfied skiers can attest to this.<\/span><\/p>\n<p><span style=\"color: #000000;\">The instructors at the Ski School &#8220;OC Jahorina&#8221; are prepared to teach skiing and snowboarding in an engaging and exciting way to anyone who wants to learn. They ensure that participants, regardless of their origin or language, leave with great memories from this Olympic mountain.<\/span><\/p>\n<p><span style=\"color: #000000;\"><strong>Price List of the Ski School is available <a style=\"color: #000000;\" href=\"https:\/\/www.oc-jahorina.com\/en\/cjenovnik-ski-skole\/\">HERE.<\/a><\/strong><\/span><\/p>\n<p><span style=\"color: #000000;\"><strong>Information and Reservations: <a href=\"http:\/\/88.198.173.68:8080\">HERE<\/a><\/strong><\/span><br><span style=\"color: #000000;\">Tel: +387 65 182 343<\/span><br><span style=\"color: #000000;\">Email: <a style=\"color: #000000;\" rel=\"noopener\">skiskola@oc-jahorina.com <\/a><\/span><\/p>\t\t\t\t\t\t\t\t<\/div>\n\t\t\t\t<\/div>\n\t\t\t\t\t<\/div>\n\t\t<\/div>\n\t\t\t\t\t<\/div>\n\t\t<\/section>\n\t\t\t\t<section class=\"elementor-section elementor-top-section elementor-element elementor-element-0a38a17 elementor-section-boxed elementor-section-height-default elementor-section-height-default\" data-id=\"0a38a17\" data-element_type=\"section\" data-settings=\"{&quot;_ha_eqh_enable&quot;:false}\">\n\t\t\t\t\t\t<div class=\"elementor-container elementor-column-gap-default\">\n\t\t\t\t\t<div class=\"elementor-column elementor-col-100 elementor-top-column elementor-element elementor-element-27284ae\" data-id=\"27284ae\" data-element_type=\"column\">\n\t\t\t<div class=\"elementor-widget-wrap elementor-element-populated\">\n\t\t\t\t\t\t<div class=\"elementor-element elementor-element-0ff9e3a elementor-widget-mobile__width-initial bdt-ps-blur-effect--yes elementor-widget elementor-widget-prime-slider-dragon\" data-id=\"0ff9e3a\" data-element_type=\"widget\" data-widget_type=\"prime-slider-dragon.default\">\n\t\t\t\t<div class=\"elementor-widget-container\">\n\t\t\t\t\t\t\t<div class=\"bdt-prime-slider\">\n\t\t\t<div class=\"bdt-prime-slider-dragon\">\n\t\t\t\t<div class=\"bdt-position-relative bdt-visible-toggle\" data-settings=\"{&quot;id&quot;:&quot;#bdt-0ff9e3a&quot;,&quot;animation_status&quot;:&quot;no&quot;}\" id=\"bdt-0ff9e3a\" bdt-slideshow=\"{&quot;animation&quot;:&quot;fade&quot;,&quot;ratio&quot;:&quot;16:9&quot;,&quot;min-height&quot;:&quot;440&quot;,&quot;autoplay&quot;:true,&quot;autoplay-interval&quot;:7000,&quot;pause-on-hover&quot;:false,&quot;velocity&quot;:1,&quot;finite&quot;:false}\">\n\t\t\t\t\t<ul class=\"bdt-slideshow-items\">\n\t\t\t\t\t\t\t\t<li class=\"bdt-slideshow-item bdt-flex bdt-flex-middle elementor-repeater-item-c5dca78\">\n\n\t\t\t<div class=\"bdt-ps-dragon-bg\">\n\t\t\t\t\n\t\t\t\t\t\t<div class=\"bdt-ps-slide-img\"\n\t\t\t\t\t\t\tstyle=\"background-image: url('https:\/\/www.oc-jahorina.com\/wp-content\/plugins\/elementor\/assets\/images\/placeholder.png')\"><\/div>\n\n\t\t\t\t\t\t\t\t\t<\/div>\n\n\t\t\t<div class=\"bdt-ps-dragon-slide-image\">\n\t\t\t\t\n\t\t\t\t\t\t<div class=\"bdt-ps-slide-img\"\n\t\t\t\t\t\t\tstyle=\"background-image: url('https:\/\/www.oc-jahorina.com\/wp-content\/plugins\/elementor\/assets\/images\/placeholder.png')\"><\/div>\n\n\t\t\t\t\t\t\t\t\t<\/div>\n\n\t\t\t\t\t\t\n\t\t\t\t\t<div class=\"bdt-prime-slider-wrapper\">\n\t\t\t<div class=\"bdt-prime-slider-content\">\n\n\t\t\t\t\t\t\t\t\t<div class=\"bdt-sub-title\">\n\n\t\t\t\t\t\t<h4 class=\"bdt-sub-title-inner\" data-bdt-slideshow-parallax=\"x: 100,-100; opacity: 1,1,0\" data-reveal=\"reveal-active\">\n                            \u0160ef slu\u017ebe za \u0161kole skijanja, sport i rekreaciju                        <\/h4>\n\n\t\t\t\t\t<\/div>\n\t\t\t\t\n\t\t\t\t\t\t\t\t\t<div class=\"bdt-main-title\">\n\t\t\t\t\t\t<h1 class=\"bdt-title-tag\" data-bdt-slideshow-parallax=\"x: 200,-200; opacity: 1,1,0\"  data-reveal=\"reveal-active\">\n\t\t\t\t\t\t\t\t\t\t\t\t\t\t\t<span class=\"frist-word\">Neboj\u0161a<\/span> Mitrovi\u0107\t\t\t\t\t\t\t\t\t\t\t\t\t\t<\/h1>\n\t\t\t\t\t<\/div>\n\t\t\t\t\n\t\t\t\t\t\t\t\t\t<div class=\"bdt-slider-excerpt\" data-reveal=\"reveal-active\" data-bdt-slideshow-parallax=\"x: 300,-300; opacity: 1,1,0\">\n\t\t\t\t\t\t<p>Takmi\u010dar u svim alpskim disciplinama \/ prvak Srbije dugi niz godina i \u010dlan tada\u0161nje reprezentacije Srbije od Pionirskih do Seniorskih selekcija<\/p>\n<p>Dugogodi\u0161nji Demonstrator SSS (skija\u0161ki savez Srbije), a unazad 13 godina Predsjednik Strukovne organizacije profesionalnih instruktora Srbije sa \u010dlanstvom u ISIA. Kao takav, u\u010desnik na 12 ISIA kongresa i 3 Balkan SPE kongresa. \u010clan je KOUL SSS - stru\u010dne komisije skija\u0161kog saveza Srbije.<\/p>\t\t\t\t\t<\/div>\n\t\t\t\t\n\t\t\t\t<div data-bdt-slideshow-parallax=\"x: 400,-400; opacity: 1,1,0\">\n\t\t\t\t\t\n\t\t\t\t\t\t<\/div>\n\t\t\t\t\t\n\t\t\t<\/div>\n\t\t<\/div>\n        \n\t\t<\/li>\n        \t\t<li class=\"bdt-slideshow-item bdt-flex bdt-flex-middle elementor-repeater-item-50487a9\">\n\n\t\t\t<div class=\"bdt-ps-dragon-bg\">\n\t\t\t\t\n\t\t\t\t\t\t<div class=\"bdt-ps-slide-img\"\n\t\t\t\t\t\t\tstyle=\"background-image: url('https:\/\/www.oc-jahorina.com\/wp-content\/uploads\/2023\/12\/JD_09943-scaled-e1733300913324.jpg')\"><\/div>\n\n\t\t\t\t\t\t\t\t\t<\/div>\n\n\t\t\t<div class=\"bdt-ps-dragon-slide-image\">\n\t\t\t\t\n\t\t\t\t\t\t<div class=\"bdt-ps-slide-img\"\n\t\t\t\t\t\t\tstyle=\"background-image: url('https:\/\/www.oc-jahorina.com\/wp-content\/uploads\/2023\/12\/JD_09943-scaled-e1733300913324.jpg')\"><\/div>\n\n\t\t\t\t\t\t\t\t\t<\/div>\n\n\t\t\t\t\t\t\n\t\t\t\t\t<div class=\"bdt-prime-slider-wrapper\">\n\t\t\t<div class=\"bdt-prime-slider-content\">\n\n\t\t\t\t\t\t\t\t\t<div class=\"bdt-sub-title\">\n\n\t\t\t\t\t\t<h4 class=\"bdt-sub-title-inner\" data-bdt-slideshow-parallax=\"x: 100,-100; opacity: 1,1,0\" data-reveal=\"reveal-active\">\n                            Ski instruktor                        <\/h4>\n\n\t\t\t\t\t<\/div>\n\t\t\t\t\n\t\t\t\t\t\t\t\t\t<div class=\"bdt-main-title\">\n\t\t\t\t\t\t<h1 class=\"bdt-title-tag\" data-bdt-slideshow-parallax=\"x: 200,-200; opacity: 1,1,0\"  data-reveal=\"reveal-active\">\n\t\t\t\t\t\t\t\t\t\t\t\t\t\t\t<span class=\"frist-word\">Miroslav<\/span> Juki\u0107\t\t\t\t\t\t\t\t\t\t\t\t\t\t<\/h1>\n\t\t\t\t\t<\/div>\n\t\t\t\t\n\t\t\t\t\t\t\t\t\t<div class=\"bdt-slider-excerpt\" data-reveal=\"reveal-active\" data-bdt-slideshow-parallax=\"x: 300,-300; opacity: 1,1,0\">\n\t\t\t\t\t\t<p>U\u010ditelj alpskog skijanja U3 nivo ATUS \u2013 ISIA \u2013 me\u0111unarodni profesionalni u\u010ditelj i UPS instruktor.<\/p>\n<p>Radno iskustvo od preko 20 godina kao u\u010ditelj a prije toga uspje\u0161an takmi\u010dar u alpskim disciplinama tokom 15 godina takmi\u010darske karijere.<\/p>\n<p>Iza godina u\u010diteljskog rada rezultat je puno zadovoljnih polazanika, a sada ve\u0107 odli\u010dnih skija\u0161a. Iskusan, strpljiv, posve\u0107en polaznicima maksimalno - profesionalac.<\/p>\t\t\t\t\t<\/div>\n\t\t\t\t\n\t\t\t\t<div data-bdt-slideshow-parallax=\"x: 400,-400; opacity: 1,1,0\">\n\t\t\t\t\t\n\t\t\t\t\t\t<\/div>\n\t\t\t\t\t\n\t\t\t<\/div>\n\t\t<\/div>\n        \n\t\t<\/li>\n        \t\t<li class=\"bdt-slideshow-item bdt-flex bdt-flex-middle elementor-repeater-item-d722fe3\">\n\n\t\t\t<div class=\"bdt-ps-dragon-bg\">\n\t\t\t\t\n\t\t\t\t\t\t<div class=\"bdt-ps-slide-img\"\n\t\t\t\t\t\t\tstyle=\"background-image: url('https:\/\/www.oc-jahorina.com\/wp-content\/uploads\/2023\/12\/JD_09947-1-scaled-e1733301459953.jpg')\"><\/div>\n\n\t\t\t\t\t\t\t\t\t<\/div>\n\n\t\t\t<div class=\"bdt-ps-dragon-slide-image\">\n\t\t\t\t\n\t\t\t\t\t\t<div class=\"bdt-ps-slide-img\"\n\t\t\t\t\t\t\tstyle=\"background-image: url('https:\/\/www.oc-jahorina.com\/wp-content\/uploads\/2023\/12\/JD_09947-1-scaled-e1733301459953.jpg')\"><\/div>\n\n\t\t\t\t\t\t\t\t\t<\/div>\n\n\t\t\t\t\t\t\n\t\t\t\t\t<div class=\"bdt-prime-slider-wrapper\">\n\t\t\t<div class=\"bdt-prime-slider-content\">\n\n\t\t\t\t\t\t\t\t\t<div class=\"bdt-sub-title\">\n\n\t\t\t\t\t\t<h4 class=\"bdt-sub-title-inner\" data-bdt-slideshow-parallax=\"x: 100,-100; opacity: 1,1,0\" data-reveal=\"reveal-active\">\n                            Ski instruktor                        <\/h4>\n\n\t\t\t\t\t<\/div>\n\t\t\t\t\n\t\t\t\t\t\t\t\t\t<div class=\"bdt-main-title\">\n\t\t\t\t\t\t<h1 class=\"bdt-title-tag\" data-bdt-slideshow-parallax=\"x: 200,-200; opacity: 1,1,0\"  data-reveal=\"reveal-active\">\n\t\t\t\t\t\t\t\t\t\t\t\t\t\t\t<span class=\"frist-word\">Maja<\/span> Gazivoda\t\t\t\t\t\t\t\t\t\t\t\t\t\t<\/h1>\n\t\t\t\t\t<\/div>\n\t\t\t\t\n\t\t\t\t\t\t\t\t\t<div class=\"bdt-slider-excerpt\" data-reveal=\"reveal-active\" data-bdt-slideshow-parallax=\"x: 300,-300; opacity: 1,1,0\">\n\t\t\t\t\t\t<p>U\u010ditelj alpskog skijanja 1 nivo ATUS i UPS instruktor. Profesor fizi\u010dke kulture. 16 godina radnog iskustva na Jahorini.<\/p>\n<p>Iskusna , stru\u010dna, odgovorna , predusretljiva i dobar animator. Odli\u010dna u individualnoj i grupnoj nastavi sa po\u010detnicima i naprednim skija\u0161ima.<\/p>\t\t\t\t\t<\/div>\n\t\t\t\t\n\t\t\t\t<div data-bdt-slideshow-parallax=\"x: 400,-400; opacity: 1,1,0\">\n\t\t\t\t\t\n\t\t\t\t\t\t<\/div>\n\t\t\t\t\t\n\t\t\t<\/div>\n\t\t<\/div>\n        \n\t\t<\/li>\n        \t\t<li class=\"bdt-slideshow-item bdt-flex bdt-flex-middle elementor-repeater-item-4b4d323\">\n\n\t\t\t<div class=\"bdt-ps-dragon-bg\">\n\t\t\t\t\n\t\t\t\t\t\t<div class=\"bdt-ps-slide-img\"\n\t\t\t\t\t\t\tstyle=\"background-image: url('https:\/\/www.oc-jahorina.com\/wp-content\/uploads\/2023\/12\/JD_09976-scaled-e1733301790628.jpg')\"><\/div>\n\n\t\t\t\t\t\t\t\t\t<\/div>\n\n\t\t\t<div class=\"bdt-ps-dragon-slide-image\">\n\t\t\t\t\n\t\t\t\t\t\t<div class=\"bdt-ps-slide-img\"\n\t\t\t\t\t\t\tstyle=\"background-image: url('https:\/\/www.oc-jahorina.com\/wp-content\/uploads\/2023\/12\/JD_09976-scaled-e1733301790628.jpg')\"><\/div>\n\n\t\t\t\t\t\t\t\t\t<\/div>\n\n\t\t\t\t\t\t\n\t\t\t\t\t<div class=\"bdt-prime-slider-wrapper\">\n\t\t\t<div class=\"bdt-prime-slider-content\">\n\n\t\t\t\t\t\t\t\t\t<div class=\"bdt-sub-title\">\n\n\t\t\t\t\t\t<h4 class=\"bdt-sub-title-inner\" data-bdt-slideshow-parallax=\"x: 100,-100; opacity: 1,1,0\" data-reveal=\"reveal-active\">\n                            Ski instruktor                        <\/h4>\n\n\t\t\t\t\t<\/div>\n\t\t\t\t\n\t\t\t\t\t\t\t\t\t<div class=\"bdt-main-title\">\n\t\t\t\t\t\t<h1 class=\"bdt-title-tag\" data-bdt-slideshow-parallax=\"x: 200,-200; opacity: 1,1,0\"  data-reveal=\"reveal-active\">\n\t\t\t\t\t\t\t\t\t\t\t\t\t\t\t<span class=\"frist-word\">Boban<\/span> Gruji\u0107\t\t\t\t\t\t\t\t\t\t\t\t\t\t<\/h1>\n\t\t\t\t\t<\/div>\n\t\t\t\t\n\t\t\t\t\t\t\t\t\t<div class=\"bdt-slider-excerpt\" data-reveal=\"reveal-active\" data-bdt-slideshow-parallax=\"x: 300,-300; opacity: 1,1,0\">\n\t\t\t\t\t\t<p>U\u010ditelj snouborda U1 nivo ATUS. Profesor fizi\u010dke kulture. Dugogodi\u0161nji \u010dlan GSS, vrijedan , ta\u010dan, posve\u0107en polaznicima.<\/p>\n<p>Bavi se muzikom privatno, Instruktor Zumbe, svestran \u010dlan na\u0161e \u0161kole.<\/p>\n<p>Uz njega na maksimalno bezbjedan i zanimljiv na\u010din upozna\u0107ete vje\u0161tine snouborda, ali i sve kutke olimpijske Ljepotice Jahorine koju izvrsno poznaje.<\/p>\t\t\t\t\t<\/div>\n\t\t\t\t\n\t\t\t\t<div data-bdt-slideshow-parallax=\"x: 400,-400; opacity: 1,1,0\">\n\t\t\t\t\t\n\t\t\t\t\t\t<\/div>\n\t\t\t\t\t\n\t\t\t<\/div>\n\t\t<\/div>\n        \n\t\t<\/li>\n        \t\t<li class=\"bdt-slideshow-item bdt-flex bdt-flex-middle elementor-repeater-item-f4e546e\">\n\n\t\t\t<div class=\"bdt-ps-dragon-bg\">\n\t\t\t\t\n\t\t\t\t\t\t<div class=\"bdt-ps-slide-img\"\n\t\t\t\t\t\t\tstyle=\"background-image: url('https:\/\/www.oc-jahorina.com\/wp-content\/uploads\/2023\/12\/JD_09953-scaled-e1733301973181.jpg')\"><\/div>\n\n\t\t\t\t\t\t\t\t\t<\/div>\n\n\t\t\t<div class=\"bdt-ps-dragon-slide-image\">\n\t\t\t\t\n\t\t\t\t\t\t<div class=\"bdt-ps-slide-img\"\n\t\t\t\t\t\t\tstyle=\"background-image: url('https:\/\/www.oc-jahorina.com\/wp-content\/uploads\/2023\/12\/JD_09953-scaled-e1733301973181.jpg')\"><\/div>\n\n\t\t\t\t\t\t\t\t\t<\/div>\n\n\t\t\t\t\t\t\n\t\t\t\t\t<div class=\"bdt-prime-slider-wrapper\">\n\t\t\t<div class=\"bdt-prime-slider-content\">\n\n\t\t\t\t\t\t\t\t\t<div class=\"bdt-sub-title\">\n\n\t\t\t\t\t\t<h4 class=\"bdt-sub-title-inner\" data-bdt-slideshow-parallax=\"x: 100,-100; opacity: 1,1,0\" data-reveal=\"reveal-active\">\n                            Ski instruktor                        <\/h4>\n\n\t\t\t\t\t<\/div>\n\t\t\t\t\n\t\t\t\t\t\t\t\t\t<div class=\"bdt-main-title\">\n\t\t\t\t\t\t<h1 class=\"bdt-title-tag\" data-bdt-slideshow-parallax=\"x: 200,-200; opacity: 1,1,0\"  data-reveal=\"reveal-active\">\n\t\t\t\t\t\t\t\t\t\t\t\t\t\t\t<span class=\"frist-word\">Milivoje<\/span> Lopati\u0107\t\t\t\t\t\t\t\t\t\t\t\t\t\t<\/h1>\n\t\t\t\t\t<\/div>\n\t\t\t\t\n\t\t\t\t\t\t\t\t\t<div class=\"bdt-slider-excerpt\" data-reveal=\"reveal-active\" data-bdt-slideshow-parallax=\"x: 300,-300; opacity: 1,1,0\">\n\t\t\t\t\t\t<p>U\u010ditelj alpskog skijanja - U1 nivo ATUS<br \/>Ljubazan, strpljiv i vrijedan, s lako\u0107om gradi povjerenje i motivi\u0161e polaznike na stazi.<\/p>\n<p>Posve\u0107en je li\u010dnom napretku i usavr\u0161avanju, uvijek u korak s najnovijim metodama podu\u010davanja.<\/p>\n<p>Njegova odgovornost i posve\u0107enost svakom polazniku osiguravaju kvalitetno u\u010denje i u\u017eivanje u svakom trenutku provedenom na snijegu.<\/p>\t\t\t\t\t<\/div>\n\t\t\t\t\n\t\t\t\t<div data-bdt-slideshow-parallax=\"x: 400,-400; opacity: 1,1,0\">\n\t\t\t\t\t\n\t\t\t\t\t\t<\/div>\n\t\t\t\t\t\n\t\t\t<\/div>\n\t\t<\/div>\n        \n\t\t<\/li>\n        \t\t<li class=\"bdt-slideshow-item bdt-flex bdt-flex-middle elementor-repeater-item-10527d4\">\n\n\t\t\t<div class=\"bdt-ps-dragon-bg\">\n\t\t\t\t\n\t\t\t\t\t\t<div class=\"bdt-ps-slide-img\"\n\t\t\t\t\t\t\tstyle=\"background-image: url('https:\/\/www.oc-jahorina.com\/wp-content\/uploads\/2023\/12\/JD_09972-scaled-e1733302441860.jpg')\"><\/div>\n\n\t\t\t\t\t\t\t\t\t<\/div>\n\n\t\t\t<div class=\"bdt-ps-dragon-slide-image\">\n\t\t\t\t\n\t\t\t\t\t\t<div class=\"bdt-ps-slide-img\"\n\t\t\t\t\t\t\tstyle=\"background-image: url('https:\/\/www.oc-jahorina.com\/wp-content\/uploads\/2023\/12\/JD_09972-scaled-e1733302441860.jpg')\"><\/div>\n\n\t\t\t\t\t\t\t\t\t<\/div>\n\n\t\t\t\t\t\t\n\t\t\t\t\t<div class=\"bdt-prime-slider-wrapper\">\n\t\t\t<div class=\"bdt-prime-slider-content\">\n\n\t\t\t\t\t\t\t\t\t<div class=\"bdt-sub-title\">\n\n\t\t\t\t\t\t<h4 class=\"bdt-sub-title-inner\" data-bdt-slideshow-parallax=\"x: 100,-100; opacity: 1,1,0\" data-reveal=\"reveal-active\">\n                            Ski instruktor                        <\/h4>\n\n\t\t\t\t\t<\/div>\n\t\t\t\t\n\t\t\t\t\t\t\t\t\t<div class=\"bdt-main-title\">\n\t\t\t\t\t\t<h1 class=\"bdt-title-tag\" data-bdt-slideshow-parallax=\"x: 200,-200; opacity: 1,1,0\"  data-reveal=\"reveal-active\">\n\t\t\t\t\t\t\t\t\t\t\t\t\t\t\t<span class=\"frist-word\">Stefan<\/span> Kova\u010devi\u0107\t\t\t\t\t\t\t\t\t\t\t\t\t\t<\/h1>\n\t\t\t\t\t<\/div>\n\t\t\t\t\n\t\t\t\t\t\t\t\t\t<div class=\"bdt-slider-excerpt\" data-reveal=\"reveal-active\" data-bdt-slideshow-parallax=\"x: 300,-300; opacity: 1,1,0\">\n\t\t\t\t\t\t<p>U\u010ditelj alpskog skijanja U 1 nivo ATUS. Miran, stalo\u017een, strpljiv. 3 godine iskustva u ovom poslu.<\/p>\n<p>Vrijedan, ta\u010dan i pouzdan. Vrlo dobar u radu sa odraslima i djecom, kako u individualnom, tako i u grupnom radu. Odrastao je na Jahorini\u00a0 i od malih nogu je zavolio planinu i skijanje kao dio odrastanja, igre i uobi\u010dajenog \u017eivota. Svoju ljubav i strast prema zimi, skijanju i avanturama na planini rado \u0107e prenijeti na druge.<\/p>\t\t\t\t\t<\/div>\n\t\t\t\t\n\t\t\t\t<div data-bdt-slideshow-parallax=\"x: 400,-400; opacity: 1,1,0\">\n\t\t\t\t\t\n\t\t\t\t\t\t<\/div>\n\t\t\t\t\t\n\t\t\t<\/div>\n\t\t<\/div>\n        \n\t\t<\/li>\n        \t\t<li class=\"bdt-slideshow-item bdt-flex bdt-flex-middle elementor-repeater-item-0209ad0\">\n\n\t\t\t<div class=\"bdt-ps-dragon-bg\">\n\t\t\t\t\n\t\t\t\t\t\t<div class=\"bdt-ps-slide-img\"\n\t\t\t\t\t\t\tstyle=\"background-image: url('https:\/\/www.oc-jahorina.com\/wp-content\/uploads\/2023\/12\/JD_09970-scaled-e1733304021487.jpg')\"><\/div>\n\n\t\t\t\t\t\t\t\t\t<\/div>\n\n\t\t\t<div class=\"bdt-ps-dragon-slide-image\">\n\t\t\t\t\n\t\t\t\t\t\t<div class=\"bdt-ps-slide-img\"\n\t\t\t\t\t\t\tstyle=\"background-image: url('https:\/\/www.oc-jahorina.com\/wp-content\/uploads\/2023\/12\/JD_09970-scaled-e1733304021487.jpg')\"><\/div>\n\n\t\t\t\t\t\t\t\t\t<\/div>\n\n\t\t\t\t\t\t\n\t\t\t\t\t<div class=\"bdt-prime-slider-wrapper\">\n\t\t\t<div class=\"bdt-prime-slider-content\">\n\n\t\t\t\t\t\t\t\t\t<div class=\"bdt-sub-title\">\n\n\t\t\t\t\t\t<h4 class=\"bdt-sub-title-inner\" data-bdt-slideshow-parallax=\"x: 100,-100; opacity: 1,1,0\" data-reveal=\"reveal-active\">\n                            Ski instruktor                        <\/h4>\n\n\t\t\t\t\t<\/div>\n\t\t\t\t\n\t\t\t\t\t\t\t\t\t<div class=\"bdt-main-title\">\n\t\t\t\t\t\t<h1 class=\"bdt-title-tag\" data-bdt-slideshow-parallax=\"x: 200,-200; opacity: 1,1,0\"  data-reveal=\"reveal-active\">\n\t\t\t\t\t\t\t\t\t\t\t\t\t\t\t<span class=\"frist-word\">Aleksandar<\/span> Lalovi\u0107\t\t\t\t\t\t\t\t\t\t\t\t\t\t<\/h1>\n\t\t\t\t\t<\/div>\n\t\t\t\t\n\t\t\t\t\t\t\t\t\t<div class=\"bdt-slider-excerpt\" data-reveal=\"reveal-active\" data-bdt-slideshow-parallax=\"x: 300,-300; opacity: 1,1,0\">\n\t\t\t\t\t\t<p>U\u010ditelj alpskog skijanja U1 nivo ATUS.<\/p>\n<p>Skijanjem se bavi od malena, a zavr\u0161io je Ekonomski fakultet. Ljubav prema skijanju, planini i podu\u010davanju usmjerila su ga da se oproba kao ski u\u010ditelj. Sporazumijeva se na engleskom jeziku.<\/p>\n<p>Uredan, vrijedan i ta\u010dan u poslu, \u0161to daje sigurnost polaznicima da \u0107e uspje\u0161no savladati skija\u0161ke vje\u0161tine.<\/p>\t\t\t\t\t<\/div>\n\t\t\t\t\n\t\t\t\t<div data-bdt-slideshow-parallax=\"x: 400,-400; opacity: 1,1,0\">\n\t\t\t\t\t\n\t\t\t\t\t\t<\/div>\n\t\t\t\t\t\n\t\t\t<\/div>\n\t\t<\/div>\n        \n\t\t<\/li>\n        \t\t<li class=\"bdt-slideshow-item bdt-flex bdt-flex-middle elementor-repeater-item-be5291c\">\n\n\t\t\t<div class=\"bdt-ps-dragon-bg\">\n\t\t\t\t\n\t\t\t\t\t\t<div class=\"bdt-ps-slide-img\"\n\t\t\t\t\t\t\tstyle=\"background-image: url('https:\/\/www.oc-jahorina.com\/wp-content\/uploads\/2023\/12\/JD_09959-scaled-e1733304221199.jpg')\"><\/div>\n\n\t\t\t\t\t\t\t\t\t<\/div>\n\n\t\t\t<div class=\"bdt-ps-dragon-slide-image\">\n\t\t\t\t\n\t\t\t\t\t\t<div class=\"bdt-ps-slide-img\"\n\t\t\t\t\t\t\tstyle=\"background-image: url('https:\/\/www.oc-jahorina.com\/wp-content\/uploads\/2023\/12\/JD_09959-scaled-e1733304221199.jpg')\"><\/div>\n\n\t\t\t\t\t\t\t\t\t<\/div>\n\n\t\t\t\t\t\t\n\t\t\t\t\t<div class=\"bdt-prime-slider-wrapper\">\n\t\t\t<div class=\"bdt-prime-slider-content\">\n\n\t\t\t\t\t\t\t\t\t<div class=\"bdt-sub-title\">\n\n\t\t\t\t\t\t<h4 class=\"bdt-sub-title-inner\" data-bdt-slideshow-parallax=\"x: 100,-100; opacity: 1,1,0\" data-reveal=\"reveal-active\">\n                            Ski instruktor                        <\/h4>\n\n\t\t\t\t\t<\/div>\n\t\t\t\t\n\t\t\t\t\t\t\t\t\t<div class=\"bdt-main-title\">\n\t\t\t\t\t\t<h1 class=\"bdt-title-tag\" data-bdt-slideshow-parallax=\"x: 200,-200; opacity: 1,1,0\"  data-reveal=\"reveal-active\">\n\t\t\t\t\t\t\t\t\t\t\t\t\t\t\t<span class=\"frist-word\">Nikola<\/span> Falad\u017ei\u0107\t\t\t\t\t\t\t\t\t\t\t\t\t\t<\/h1>\n\t\t\t\t\t<\/div>\n\t\t\t\t\n\t\t\t\t\t\t\t\t\t<div class=\"bdt-slider-excerpt\" data-reveal=\"reveal-active\" data-bdt-slideshow-parallax=\"x: 300,-300; opacity: 1,1,0\">\n\t\t\t\t\t\t<p>U\u010ditelj alpskog skijanja U1 nivo ATUS.<\/p>\n<p>Od malena voli planinu i skijanje, komunikativan je, biv\u0161i pripadnik GSS Jahorina. Te\u010dno govori Ruski i Engleski jezik.<\/p>\n<p>Ljubazan je i strpljiv. Nov u u\u010diteljskom poslu, ali vrijedan, ambiciozan i maksimalno posve\u0107en li\u010dnom usvar\u0161avanju i napredovanju. Odgovoran prema polaznicima, koji \u0107e, uz njegov profesionalan pristup, uspje\u0161no savladati skija\u0161ke vje\u0161tine.<\/p>\t\t\t\t\t<\/div>\n\t\t\t\t\n\t\t\t\t<div data-bdt-slideshow-parallax=\"x: 400,-400; opacity: 1,1,0\">\n\t\t\t\t\t\n\t\t\t\t\t\t<\/div>\n\t\t\t\t\t\n\t\t\t<\/div>\n\t\t<\/div>\n        \n\t\t<\/li>\n        \t\t<li class=\"bdt-slideshow-item bdt-flex bdt-flex-middle elementor-repeater-item-e876b6a\">\n\n\t\t\t<div class=\"bdt-ps-dragon-bg\">\n\t\t\t\t\n\t\t\t\t\t\t<div class=\"bdt-ps-slide-img\"\n\t\t\t\t\t\t\tstyle=\"background-image: url('https:\/\/www.oc-jahorina.com\/wp-content\/uploads\/2023\/12\/JD_09944-scaled-e1733304401432.jpg')\"><\/div>\n\n\t\t\t\t\t\t\t\t\t<\/div>\n\n\t\t\t<div class=\"bdt-ps-dragon-slide-image\">\n\t\t\t\t\n\t\t\t\t\t\t<div class=\"bdt-ps-slide-img\"\n\t\t\t\t\t\t\tstyle=\"background-image: url('https:\/\/www.oc-jahorina.com\/wp-content\/uploads\/2023\/12\/JD_09944-scaled-e1733304401432.jpg')\"><\/div>\n\n\t\t\t\t\t\t\t\t\t<\/div>\n\n\t\t\t\t\t\t\n\t\t\t\t\t<div class=\"bdt-prime-slider-wrapper\">\n\t\t\t<div class=\"bdt-prime-slider-content\">\n\n\t\t\t\t\t\t\t\t\t<div class=\"bdt-sub-title\">\n\n\t\t\t\t\t\t<h4 class=\"bdt-sub-title-inner\" data-bdt-slideshow-parallax=\"x: 100,-100; opacity: 1,1,0\" data-reveal=\"reveal-active\">\n                            Ski instruktor                        <\/h4>\n\n\t\t\t\t\t<\/div>\n\t\t\t\t\n\t\t\t\t\t\t\t\t\t<div class=\"bdt-main-title\">\n\t\t\t\t\t\t<h1 class=\"bdt-title-tag\" data-bdt-slideshow-parallax=\"x: 200,-200; opacity: 1,1,0\"  data-reveal=\"reveal-active\">\n\t\t\t\t\t\t\t\t\t\t\t\t\t\t\t<span class=\"frist-word\">Goran<\/span> Gruji\u0107\t\t\t\t\t\t\t\t\t\t\t\t\t\t<\/h1>\n\t\t\t\t\t<\/div>\n\t\t\t\t\n\t\t\t\t\t\t\t\t\t<div class=\"bdt-slider-excerpt\" data-reveal=\"reveal-active\" data-bdt-slideshow-parallax=\"x: 300,-300; opacity: 1,1,0\">\n\t\t\t\t\t\t<p>U\u010ditelj skijanja 1 nivo ATUS.<\/p>\n<p>Profesor fizi\u010dke kulture. Instruktor od 2003. godine.<\/p>\n<p>Izuzetno stalo\u017een, strpljiv, odgovoran. Duhovit , zabavan, sa velikim radnim iskustvom. Garantuje polaznicima bezbjedno, zabavno i zanimljivo u\u010denje skijanja.<\/p>\t\t\t\t\t<\/div>\n\t\t\t\t\n\t\t\t\t<div data-bdt-slideshow-parallax=\"x: 400,-400; opacity: 1,1,0\">\n\t\t\t\t\t\n\t\t\t\t\t\t<\/div>\n\t\t\t\t\t\n\t\t\t<\/div>\n\t\t<\/div>\n        \n\t\t<\/li>\n        \t\t<li class=\"bdt-slideshow-item bdt-flex bdt-flex-middle elementor-repeater-item-53a52ba\">\n\n\t\t\t<div class=\"bdt-ps-dragon-bg\">\n\t\t\t\t\n\t\t\t\t\t\t<div class=\"bdt-ps-slide-img\"\n\t\t\t\t\t\t\tstyle=\"background-image: url('https:\/\/www.oc-jahorina.com\/wp-content\/plugins\/elementor\/assets\/images\/placeholder.png')\"><\/div>\n\n\t\t\t\t\t\t\t\t\t<\/div>\n\n\t\t\t<div class=\"bdt-ps-dragon-slide-image\">\n\t\t\t\t\n\t\t\t\t\t\t<div class=\"bdt-ps-slide-img\"\n\t\t\t\t\t\t\tstyle=\"background-image: url('https:\/\/www.oc-jahorina.com\/wp-content\/plugins\/elementor\/assets\/images\/placeholder.png')\"><\/div>\n\n\t\t\t\t\t\t\t\t\t<\/div>\n\n\t\t\t\t\t\t\n\t\t\t\t\t<div class=\"bdt-prime-slider-wrapper\">\n\t\t\t<div class=\"bdt-prime-slider-content\">\n\n\t\t\t\t\t\t\t\t\t<div class=\"bdt-sub-title\">\n\n\t\t\t\t\t\t<h4 class=\"bdt-sub-title-inner\" data-bdt-slideshow-parallax=\"x: 100,-100; opacity: 1,1,0\" data-reveal=\"reveal-active\">\n                            Ski instruktor                        <\/h4>\n\n\t\t\t\t\t<\/div>\n\t\t\t\t\n\t\t\t\t\t\t\t\t\t<div class=\"bdt-main-title\">\n\t\t\t\t\t\t<h1 class=\"bdt-title-tag\" data-bdt-slideshow-parallax=\"x: 200,-200; opacity: 1,1,0\"  data-reveal=\"reveal-active\">\n\t\t\t\t\t\t\t\t\t\t\t\t\t\t\t<span class=\"frist-word\">Nemanja<\/span> Slijep\u010devi\u0107\t\t\t\t\t\t\t\t\t\t\t\t\t\t<\/h1>\n\t\t\t\t\t<\/div>\n\t\t\t\t\n\t\t\t\t\t\t\t\t\t<div class=\"bdt-slider-excerpt\" data-reveal=\"reveal-active\" data-bdt-slideshow-parallax=\"x: 300,-300; opacity: 1,1,0\">\n\t\t\t\t\t\t<p>Ro\u0111en u Palama, gdje je zavr\u0161io Fakultet fizi\u010dkog vaspitanja i sporta. Posjeduje licencu ski instruktora U1 nivo ATUS od 2024. godine. Zaposlen je i aktivno radi kao instruktor sa djecom i odraslim rekreativcima. Poznat je po odgovornom pristupu, strpljenju i profesionalnom radu.<\/p>\t\t\t\t\t<\/div>\n\t\t\t\t\n\t\t\t\t<div data-bdt-slideshow-parallax=\"x: 400,-400; opacity: 1,1,0\">\n\t\t\t\t\t\n\t\t\t\t\t\t<\/div>\n\t\t\t\t\t\n\t\t\t<\/div>\n\t\t<\/div>\n        \n\t\t<\/li>\n        \t\t<li class=\"bdt-slideshow-item bdt-flex bdt-flex-middle elementor-repeater-item-48f3be6\">\n\n\t\t\t<div class=\"bdt-ps-dragon-bg\">\n\t\t\t\t\n\t\t\t\t\t\t<div class=\"bdt-ps-slide-img\"\n\t\t\t\t\t\t\tstyle=\"background-image: url('https:\/\/www.oc-jahorina.com\/wp-content\/plugins\/elementor\/assets\/images\/placeholder.png')\"><\/div>\n\n\t\t\t\t\t\t\t\t\t<\/div>\n\n\t\t\t<div class=\"bdt-ps-dragon-slide-image\">\n\t\t\t\t\n\t\t\t\t\t\t<div class=\"bdt-ps-slide-img\"\n\t\t\t\t\t\t\tstyle=\"background-image: url('https:\/\/www.oc-jahorina.com\/wp-content\/plugins\/elementor\/assets\/images\/placeholder.png')\"><\/div>\n\n\t\t\t\t\t\t\t\t\t<\/div>\n\n\t\t\t\t\t\t\n\t\t\t\t\t<div class=\"bdt-prime-slider-wrapper\">\n\t\t\t<div class=\"bdt-prime-slider-content\">\n\n\t\t\t\t\t\t\t\t\t<div class=\"bdt-sub-title\">\n\n\t\t\t\t\t\t<h4 class=\"bdt-sub-title-inner\" data-bdt-slideshow-parallax=\"x: 100,-100; opacity: 1,1,0\" data-reveal=\"reveal-active\">\n                            Ski instruktor                        <\/h4>\n\n\t\t\t\t\t<\/div>\n\t\t\t\t\n\t\t\t\t\t\t\t\t\t<div class=\"bdt-main-title\">\n\t\t\t\t\t\t<h1 class=\"bdt-title-tag\" data-bdt-slideshow-parallax=\"x: 200,-200; opacity: 1,1,0\"  data-reveal=\"reveal-active\">\n\t\t\t\t\t\t\t\t\t\t\t\t\t\t\t<span class=\"frist-word\">\u0110or\u0111e<\/span> Kraji\u0161nik \t\t\t\t\t\t\t\t\t\t\t\t\t\t<\/h1>\n\t\t\t\t\t<\/div>\n\t\t\t\t\n\t\t\t\t\t\t\t\t\t<div class=\"bdt-slider-excerpt\" data-reveal=\"reveal-active\" data-bdt-slideshow-parallax=\"x: 300,-300; opacity: 1,1,0\">\n\t\t\t\t\t\t<p>Licencirani ski instruktor - U1 nivo ATUS. Poznat po ljubaznosti, komunikativnosti i posve\u0107enosti svakom polazniku. Vedrog je duha, pouzdan i uvijek spreman da prilagodi pristup, kako bi svaki u\u010denik napredovao brzo i sigurno. Posebno u\u017eiva u radu sa djecom, po\u010detnicima i skija\u0161ima koji \u017eele podi\u0107i svoje skija\u0161ke vje\u0161tine na vi\u0161i nivo. Te\u010dno govori engleski jezik.<\/p>\t\t\t\t\t<\/div>\n\t\t\t\t\n\t\t\t\t<div data-bdt-slideshow-parallax=\"x: 400,-400; opacity: 1,1,0\">\n\t\t\t\t\t\n\t\t\t\t\t\t<\/div>\n\t\t\t\t\t\n\t\t\t<\/div>\n\t\t<\/div>\n        \n\t\t<\/li>\n        \t\t<li class=\"bdt-slideshow-item bdt-flex bdt-flex-middle elementor-repeater-item-5922d0d\">\n\n\t\t\t<div class=\"bdt-ps-dragon-bg\">\n\t\t\t\t\n\t\t\t\t\t\t<div class=\"bdt-ps-slide-img\"\n\t\t\t\t\t\t\tstyle=\"background-image: url('https:\/\/www.oc-jahorina.com\/wp-content\/plugins\/elementor\/assets\/images\/placeholder.png')\"><\/div>\n\n\t\t\t\t\t\t\t\t\t<\/div>\n\n\t\t\t<div class=\"bdt-ps-dragon-slide-image\">\n\t\t\t\t\n\t\t\t\t\t\t<div class=\"bdt-ps-slide-img\"\n\t\t\t\t\t\t\tstyle=\"background-image: url('https:\/\/www.oc-jahorina.com\/wp-content\/plugins\/elementor\/assets\/images\/placeholder.png')\"><\/div>\n\n\t\t\t\t\t\t\t\t\t<\/div>\n\n\t\t\t\t\t\t\n\t\t\t\t\t<div class=\"bdt-prime-slider-wrapper\">\n\t\t\t<div class=\"bdt-prime-slider-content\">\n\n\t\t\t\t\t\t\t\t\t<div class=\"bdt-sub-title\">\n\n\t\t\t\t\t\t<h4 class=\"bdt-sub-title-inner\" data-bdt-slideshow-parallax=\"x: 100,-100; opacity: 1,1,0\" data-reveal=\"reveal-active\">\n                            Ski instruktor                        <\/h4>\n\n\t\t\t\t\t<\/div>\n\t\t\t\t\n\t\t\t\t\t\t\t\t\t<div class=\"bdt-main-title\">\n\t\t\t\t\t\t<h1 class=\"bdt-title-tag\" data-bdt-slideshow-parallax=\"x: 200,-200; opacity: 1,1,0\"  data-reveal=\"reveal-active\">\n\t\t\t\t\t\t\t\t\t\t\t\t\t\t\t<span class=\"frist-word\">Radovan<\/span> Gluhaji\u0107 \t\t\t\t\t\t\t\t\t\t\t\t\t\t<\/h1>\n\t\t\t\t\t<\/div>\n\t\t\t\t\n\t\t\t\t\t\t\t\t\t<div class=\"bdt-slider-excerpt\" data-reveal=\"reveal-active\" data-bdt-slideshow-parallax=\"x: 300,-300; opacity: 1,1,0\">\n\t\t\t\t\t\t<p>Skijanjem se bavi od pete godine, a takmi\u010darsku karijeru zapo\u010deo je sa osam godina. Od dvanaeste do osamnaeste bio je \u010dlan ski kluba Jahorina. Osvojio je tri zlatne i jednu bronzanu medalju na republi\u010dkom nivou, kao i \u010detvrto mjesto na dr\u017eavnom takmi\u010denju. Dva puta je progla\u0161en za perspektivnog sportistu.<\/p>\n<p>Licencirani je instruktor skijanja U1 nivo ATUS.<\/p>\t\t\t\t\t<\/div>\n\t\t\t\t\n\t\t\t\t<div data-bdt-slideshow-parallax=\"x: 400,-400; opacity: 1,1,0\">\n\t\t\t\t\t\n\t\t\t\t\t\t<\/div>\n\t\t\t\t\t\n\t\t\t<\/div>\n\t\t<\/div>\n        \n\t\t<\/li>\n        \t\t<li class=\"bdt-slideshow-item bdt-flex bdt-flex-middle elementor-repeater-item-af94975\">\n\n\t\t\t<div class=\"bdt-ps-dragon-bg\">\n\t\t\t\t\n\t\t\t\t\t\t<div class=\"bdt-ps-slide-img\"\n\t\t\t\t\t\t\tstyle=\"background-image: url('https:\/\/www.oc-jahorina.com\/wp-content\/plugins\/elementor\/assets\/images\/placeholder.png')\"><\/div>\n\n\t\t\t\t\t\t\t\t\t<\/div>\n\n\t\t\t<div class=\"bdt-ps-dragon-slide-image\">\n\t\t\t\t\n\t\t\t\t\t\t<div class=\"bdt-ps-slide-img\"\n\t\t\t\t\t\t\tstyle=\"background-image: url('https:\/\/www.oc-jahorina.com\/wp-content\/plugins\/elementor\/assets\/images\/placeholder.png')\"><\/div>\n\n\t\t\t\t\t\t\t\t\t<\/div>\n\n\t\t\t\t\t\t\n\t\t\t\t\t<div class=\"bdt-prime-slider-wrapper\">\n\t\t\t<div class=\"bdt-prime-slider-content\">\n\n\t\t\t\t\t\t\t\t\t<div class=\"bdt-sub-title\">\n\n\t\t\t\t\t\t<h4 class=\"bdt-sub-title-inner\" data-bdt-slideshow-parallax=\"x: 100,-100; opacity: 1,1,0\" data-reveal=\"reveal-active\">\n                            Ski instruktor                        <\/h4>\n\n\t\t\t\t\t<\/div>\n\t\t\t\t\n\t\t\t\t\t\t\t\t\t<div class=\"bdt-main-title\">\n\t\t\t\t\t\t<h1 class=\"bdt-title-tag\" data-bdt-slideshow-parallax=\"x: 200,-200; opacity: 1,1,0\"  data-reveal=\"reveal-active\">\n\t\t\t\t\t\t\t\t\t\t\t\t\t\t\t<span class=\"frist-word\">Vasilije<\/span> Kne\u017eevi\u0107 \t\t\t\t\t\t\t\t\t\t\t\t\t\t<\/h1>\n\t\t\t\t\t<\/div>\n\t\t\t\t\n\t\t\t\t\t\t\t\t\t<div class=\"bdt-slider-excerpt\" data-reveal=\"reveal-active\" data-bdt-slideshow-parallax=\"x: 300,-300; opacity: 1,1,0\">\n\t\t\t\t\t\t<p>U\u010ditelj alpskog skijanja - U1 nivo ATUS. Poznat po strpljivom i motivisanom pristupu. Na \u010dasovima stvara opu\u0161tenu atmosferu u kojoj se po\u010detnici osje\u0107aju sigurno. Odrastanje na planini oblikovalo je njegovu povezanost sa alpskim skijanjem i to znanje sa lako\u0107om prenosi svakom po\u010detniku. Odli\u010dno poznavanje engleskog jezika.<\/p>\t\t\t\t\t<\/div>\n\t\t\t\t\n\t\t\t\t<div data-bdt-slideshow-parallax=\"x: 400,-400; opacity: 1,1,0\">\n\t\t\t\t\t\n\t\t\t\t\t\t<\/div>\n\t\t\t\t\t\n\t\t\t<\/div>\n\t\t<\/div>\n        \n\t\t<\/li>\n        \t\t<li class=\"bdt-slideshow-item bdt-flex bdt-flex-middle elementor-repeater-item-c413603\">\n\n\t\t\t<div class=\"bdt-ps-dragon-bg\">\n\t\t\t\t\n\t\t\t\t\t\t<div class=\"bdt-ps-slide-img\"\n\t\t\t\t\t\t\tstyle=\"background-image: url('https:\/\/www.oc-jahorina.com\/wp-content\/plugins\/elementor\/assets\/images\/placeholder.png')\"><\/div>\n\n\t\t\t\t\t\t\t\t\t<\/div>\n\n\t\t\t<div class=\"bdt-ps-dragon-slide-image\">\n\t\t\t\t\n\t\t\t\t\t\t<div class=\"bdt-ps-slide-img\"\n\t\t\t\t\t\t\tstyle=\"background-image: url('https:\/\/www.oc-jahorina.com\/wp-content\/plugins\/elementor\/assets\/images\/placeholder.png')\"><\/div>\n\n\t\t\t\t\t\t\t\t\t<\/div>\n\n\t\t\t\t\t\t\n\t\t\t\t\t<div class=\"bdt-prime-slider-wrapper\">\n\t\t\t<div class=\"bdt-prime-slider-content\">\n\n\t\t\t\t\t\t\t\t\t<div class=\"bdt-sub-title\">\n\n\t\t\t\t\t\t<h4 class=\"bdt-sub-title-inner\" data-bdt-slideshow-parallax=\"x: 100,-100; opacity: 1,1,0\" data-reveal=\"reveal-active\">\n                            Ski instruktor                        <\/h4>\n\n\t\t\t\t\t<\/div>\n\t\t\t\t\n\t\t\t\t\t\t\t\t\t<div class=\"bdt-main-title\">\n\t\t\t\t\t\t<h1 class=\"bdt-title-tag\" data-bdt-slideshow-parallax=\"x: 200,-200; opacity: 1,1,0\"  data-reveal=\"reveal-active\">\n\t\t\t\t\t\t\t\t\t\t\t\t\t\t\t<span class=\"frist-word\">Nemanja<\/span> Kne\u017eevi\u0107 \t\t\t\t\t\t\t\t\t\t\t\t\t\t<\/h1>\n\t\t\t\t\t<\/div>\n\t\t\t\t\n\t\t\t\t\t\t\t\t\t<div class=\"bdt-slider-excerpt\" data-reveal=\"reveal-active\" data-bdt-slideshow-parallax=\"x: 300,-300; opacity: 1,1,0\">\n\t\t\t\t\t\t<p>Diplomirani profesor fizi\u010dke kulture i sporta i biv\u0161i profesionalni sportista. Licencirani je ski instruktor sa U1 nivo ATUS.\u00a0 Te\u010dno govori engleski jezik.<\/p>\t\t\t\t\t<\/div>\n\t\t\t\t\n\t\t\t\t<div data-bdt-slideshow-parallax=\"x: 400,-400; opacity: 1,1,0\">\n\t\t\t\t\t\n\t\t\t\t\t\t<\/div>\n\t\t\t\t\t\n\t\t\t<\/div>\n\t\t<\/div>\n        \n\t\t<\/li>\n        \t\t<li class=\"bdt-slideshow-item bdt-flex bdt-flex-middle elementor-repeater-item-8f830e0\">\n\n\t\t\t<div class=\"bdt-ps-dragon-bg\">\n\t\t\t\t\n\t\t\t\t\t\t<div class=\"bdt-ps-slide-img\"\n\t\t\t\t\t\t\tstyle=\"background-image: url('https:\/\/www.oc-jahorina.com\/wp-content\/plugins\/elementor\/assets\/images\/placeholder.png')\"><\/div>\n\n\t\t\t\t\t\t\t\t\t<\/div>\n\n\t\t\t<div class=\"bdt-ps-dragon-slide-image\">\n\t\t\t\t\n\t\t\t\t\t\t<div class=\"bdt-ps-slide-img\"\n\t\t\t\t\t\t\tstyle=\"background-image: url('https:\/\/www.oc-jahorina.com\/wp-content\/plugins\/elementor\/assets\/images\/placeholder.png')\"><\/div>\n\n\t\t\t\t\t\t\t\t\t<\/div>\n\n\t\t\t\t\t\t\n\t\t\t\t\t<div class=\"bdt-prime-slider-wrapper\">\n\t\t\t<div class=\"bdt-prime-slider-content\">\n\n\t\t\t\t\t\t\t\t\t<div class=\"bdt-sub-title\">\n\n\t\t\t\t\t\t<h4 class=\"bdt-sub-title-inner\" data-bdt-slideshow-parallax=\"x: 100,-100; opacity: 1,1,0\" data-reveal=\"reveal-active\">\n                            Ski instruktor                        <\/h4>\n\n\t\t\t\t\t<\/div>\n\t\t\t\t\n\t\t\t\t\t\t\t\t\t<div class=\"bdt-main-title\">\n\t\t\t\t\t\t<h1 class=\"bdt-title-tag\" data-bdt-slideshow-parallax=\"x: 200,-200; opacity: 1,1,0\"  data-reveal=\"reveal-active\">\n\t\t\t\t\t\t\t\t\t\t\t\t\t\t\t<span class=\"frist-word\">Konstantin<\/span> Koroman \t\t\t\t\t\t\t\t\t\t\t\t\t\t<\/h1>\n\t\t\t\t\t<\/div>\n\t\t\t\t\n\t\t\t\t\t\t\t\t\t<div class=\"bdt-slider-excerpt\" data-reveal=\"reveal-active\" data-bdt-slideshow-parallax=\"x: 300,-300; opacity: 1,1,0\">\n\t\t\t\t\t\t<p>Instruktor skijanja sa polo\u017eenim certifikatom U1 nivo Atus. Odrastao na Jahorini i skijanjem se bavi od svoje \u010detvrte godine. Student je Fakulteta fizi\u010dkog vaspitanja i sporta, \u0161to dodatno unapre\u0111uje njegovo znanje o treningu, biomehanici i radu sa sportistima i rekreativcima. Posve\u0107en radu sa po\u010detnicima, djecom i rekreativnim skija\u0161ima, uz profesionalan i strpljiv pristup.<\/p>\t\t\t\t\t<\/div>\n\t\t\t\t\n\t\t\t\t<div data-bdt-slideshow-parallax=\"x: 400,-400; opacity: 1,1,0\">\n\t\t\t\t\t\n\t\t\t\t\t\t<\/div>\n\t\t\t\t\t\n\t\t\t<\/div>\n\t\t<\/div>\n        \n\t\t<\/li>\n        \t\t<li class=\"bdt-slideshow-item bdt-flex bdt-flex-middle elementor-repeater-item-a9b549c\">\n\n\t\t\t<div class=\"bdt-ps-dragon-bg\">\n\t\t\t\t\n\t\t\t\t\t\t<div class=\"bdt-ps-slide-img\"\n\t\t\t\t\t\t\tstyle=\"background-image: url('https:\/\/www.oc-jahorina.com\/wp-content\/plugins\/elementor\/assets\/images\/placeholder.png')\"><\/div>\n\n\t\t\t\t\t\t\t\t\t<\/div>\n\n\t\t\t<div class=\"bdt-ps-dragon-slide-image\">\n\t\t\t\t\n\t\t\t\t\t\t<div class=\"bdt-ps-slide-img\"\n\t\t\t\t\t\t\tstyle=\"background-image: url('https:\/\/www.oc-jahorina.com\/wp-content\/plugins\/elementor\/assets\/images\/placeholder.png')\"><\/div>\n\n\t\t\t\t\t\t\t\t\t<\/div>\n\n\t\t\t\t\t\t\n\t\t\t\t\t<div class=\"bdt-prime-slider-wrapper\">\n\t\t\t<div class=\"bdt-prime-slider-content\">\n\n\t\t\t\t\t\t\t\t\t<div class=\"bdt-sub-title\">\n\n\t\t\t\t\t\t<h4 class=\"bdt-sub-title-inner\" data-bdt-slideshow-parallax=\"x: 100,-100; opacity: 1,1,0\" data-reveal=\"reveal-active\">\n                            Ski instruktor                        <\/h4>\n\n\t\t\t\t\t<\/div>\n\t\t\t\t\n\t\t\t\t\t\t\t\t\t<div class=\"bdt-main-title\">\n\t\t\t\t\t\t<h1 class=\"bdt-title-tag\" data-bdt-slideshow-parallax=\"x: 200,-200; opacity: 1,1,0\"  data-reveal=\"reveal-active\">\n\t\t\t\t\t\t\t\t\t\t\t\t\t\t\t<span class=\"frist-word\">Vuk<\/span> Bijelica\t\t\t\t\t\t\t\t\t\t\t\t\t\t<\/h1>\n\t\t\t\t\t<\/div>\n\t\t\t\t\n\t\t\t\t\t\t\t\t\t<div class=\"bdt-slider-excerpt\" data-reveal=\"reveal-active\" data-bdt-slideshow-parallax=\"x: 300,-300; opacity: 1,1,0\">\n\t\t\t\t\t\t<p>U\u010ditelj alpskog skijanja - U1 nivo ATUS. Skijanje je sastavni dio njegovog \u017eivota od ranog djetinjstva, a prvi put je stao na skije ve\u0107 sa tri godine. Miran, stalo\u017een i izuzetno strpljiv, s lako\u0107om gradi povjerenje sa polaznicima, \u0161to je temelj za brzo savladavanje osnove skijanja. Izuzetno je odgovoran i profesionalan, \u0161to dodatno obezbje\u0111uje brzo i efikasno u\u010denje. Odli\u010dno poznavanje engleskog jezika.<\/p>\t\t\t\t\t<\/div>\n\t\t\t\t\n\t\t\t\t<div data-bdt-slideshow-parallax=\"x: 400,-400; opacity: 1,1,0\">\n\t\t\t\t\t\n\t\t\t\t\t\t<\/div>\n\t\t\t\t\t\n\t\t\t<\/div>\n\t\t<\/div>\n        \n\t\t<\/li>\n        \n\t\t\t\t\t<\/ul>\n\n\t\t\t\t\t            \n                <ul class=\"bdt-slideshow-nav bdt-dotnav bdt-dotnav-vertical reveal-muted\">\n\n                                        <li bdt-slideshow-item=\"0\" data-label=\"01\" ><a href=\"#\"><\/a><\/li>\n                                        <li bdt-slideshow-item=\"1\" data-label=\"02\" ><a href=\"#\"><\/a><\/li>\n                                        <li bdt-slideshow-item=\"2\" data-label=\"03\" ><a href=\"#\"><\/a><\/li>\n                                        <li bdt-slideshow-item=\"3\" data-label=\"04\" ><a href=\"#\"><\/a><\/li>\n                                        <li bdt-slideshow-item=\"4\" data-label=\"05\" ><a href=\"#\"><\/a><\/li>\n                                        <li bdt-slideshow-item=\"5\" data-label=\"06\" ><a href=\"#\"><\/a><\/li>\n                                        <li bdt-slideshow-item=\"6\" data-label=\"07\" ><a href=\"#\"><\/a><\/li>\n                                        <li bdt-slideshow-item=\"7\" data-label=\"08\" ><a href=\"#\"><\/a><\/li>\n                                        <li bdt-slideshow-item=\"8\" data-label=\"09\" ><a href=\"#\"><\/a><\/li>\n                                        <li bdt-slideshow-item=\"9\" data-label=\"10\" ><a href=\"#\"><\/a><\/li>\n                                        <li bdt-slideshow-item=\"10\" data-label=\"11\" ><a href=\"#\"><\/a><\/li>\n                                        <li bdt-slideshow-item=\"11\" data-label=\"12\" ><a href=\"#\"><\/a><\/li>\n                                        <li bdt-slideshow-item=\"12\" data-label=\"13\" ><a href=\"#\"><\/a><\/li>\n                                        <li bdt-slideshow-item=\"13\" data-label=\"14\" ><a href=\"#\"><\/a><\/li>\n                                        <li bdt-slideshow-item=\"14\" data-label=\"15\" ><a href=\"#\"><\/a><\/li>\n                                        <li bdt-slideshow-item=\"15\" data-label=\"16\" ><a href=\"#\"><\/a><\/li>\n                                        \n                <\/ul>\n\n            \n        \t\t\t\t\t\n\t\t\t\t<\/div>\n\t\t\t\t\n\t\t<div class=\"bdt-prime-slider-social-icon reveal-muted\">\n\t\t\t\t\t\t\t\t\t\t<a href=\"https:\/\/www.facebook.com\/JahorinaOC\/?locale=sr_RS\" aria-label=\"Social Link Facebook\">\n\t\t\t\t\t\t\t\t<span class=\"bdt-social-share-title\">\n\t\t\t\t\t\t\t\t\tFacebook\t\t\t\t\t\t\t\t<\/span>\n\t\t\t\t\t\t\t<\/a>\n\t\t\t\t\t\t\t\t\t\t\t\t\t<a href=\"https:\/\/www.instagram.com\/jahorina\/\" aria-label=\"Social Link Instagram\">\n\t\t\t\t\t\t\t\t<span class=\"bdt-social-share-title\">\n\t\t\t\t\t\t\t\t\tInstagram\t\t\t\t\t\t\t\t<\/span>\n\t\t\t\t\t\t\t<\/a>\n\t\t\t\t\t\t\t\t\t\t\t\t\t<a href=\"https:\/\/www.tiktok.com\/@jahorinaoc\" aria-label=\"Social Link TIKTOK\">\n\t\t\t\t\t\t\t\t<span class=\"bdt-social-share-title\">\n\t\t\t\t\t\t\t\t\tTIKTOK\t\t\t\t\t\t\t\t<\/span>\n\t\t\t\t\t\t\t<\/a>\n\t\t\t\t\t\t\t\t\t\t\t\t\t<a >\n\t\t\t\t\t\t\t\t<span class=\"bdt-social-share-title\">\n\t\t\t\t\t\t\t\t\t\t\t\t\t\t\t\t\t<\/span>\n\t\t\t\t\t\t\t<\/a>\n\t\t\t\t\t\t\t\t<\/div>\n\n\t\t\t\t\t<\/div>\n\t\t<\/div>\n        \t\t\t\t<\/div>\n\t\t\t\t<\/div>\n\t\t\t\t\t<\/div>\n\t\t<\/div>\n\t\t\t\t\t<\/div>\n\t\t<\/section>\n\t\t\t\t<section class=\"elementor-section elementor-top-section elementor-element elementor-element-e7db83e elementor-section-boxed elementor-section-height-default elementor-section-height-default\" data-id=\"e7db83e\" data-element_type=\"section\" data-settings=\"{&quot;_ha_eqh_enable&quot;:false}\">\n\t\t\t\t\t\t<div class=\"elementor-container elementor-column-gap-default\">\n\t\t\t\t\t<div class=\"elementor-column elementor-col-100 elementor-top-column elementor-element elementor-element-6775dd3\" data-id=\"6775dd3\" data-element_type=\"column\">\n\t\t\t<div class=\"elementor-widget-wrap elementor-element-populated\">\n\t\t\t\t\t\t<div class=\"elementor-element elementor-element-c0db8e8 elementor-widget elementor-widget-video\" data-id=\"c0db8e8\" data-element_type=\"widget\" data-settings=\"{&quot;youtube_url&quot;:&quot;https:\\\/\\\/www.youtube.com\\\/watch?v=ndaLqKm_ogg&quot;,&quot;video_type&quot;:&quot;youtube&quot;,&quot;controls&quot;:&quot;yes&quot;}\" data-widget_type=\"video.default\">\n\t\t\t\t<div class=\"elementor-widget-container\">\n\t\t\t\t\t\t\t<div class=\"elementor-wrapper elementor-open-inline\">\n\t\t\t<div class=\"elementor-video\"><\/div>\t\t<\/div>\n\t\t\t\t\t\t<\/div>\n\t\t\t\t<\/div>\n\t\t\t\t\t<\/div>\n\t\t<\/div>\n\t\t\t\t\t<\/div>\n\t\t<\/section>\n\t\t\t\t<section class=\"elementor-section elementor-top-section elementor-element elementor-element-2780996 elementor-section-boxed elementor-section-height-default elementor-section-height-default\" data-id=\"2780996\" data-element_type=\"section\" data-settings=\"{&quot;_ha_eqh_enable&quot;:false}\">\n\t\t\t\t\t\t<div class=\"elementor-container elementor-column-gap-default\">\n\t\t\t\t\t<div class=\"elementor-column elementor-col-100 elementor-top-column elementor-element elementor-element-7c59cdc\" data-id=\"7c59cdc\" data-element_type=\"column\">\n\t\t\t<div class=\"elementor-widget-wrap elementor-element-populated\">\n\t\t\t\t\t\t<div class=\"elementor-element elementor-element-b3b51fe elementor-widget elementor-widget-htmega-carousel-addons\" data-id=\"b3b51fe\" data-element_type=\"widget\" data-widget_type=\"htmega-carousel-addons.default\">\n\t\t\t\t<div class=\"elementor-widget-container\">\n\t\t\t\t\t\n       <div class=\"ht-custom-carousel htmega-carousel-activation htmega-carousel-style-1 htmega-carousel-animation-style-\" dir=\"ltr\" data-settings=\"{&quot;arrows&quot;:true,&quot;arrow_prev_txt&quot;:&quot;&lt;i class=\\&quot;fa fa-angle-left\\&quot;&gt;&lt;\\\/i&gt;&quot;,&quot;arrow_next_txt&quot;:&quot;&lt;i class=\\&quot;fa fa-angle-right\\&quot;&gt;&lt;\\\/i&gt;&quot;,&quot;dots&quot;:false,&quot;autoplay&quot;:false,&quot;autoplay_speed&quot;:3000,&quot;animation_speed&quot;:300,&quot;pause_on_hover&quot;:true,&quot;center_mode&quot;:false,&quot;vertical_mode&quot;:false,&quot;center_padding&quot;:&quot;0px&quot;,&quot;display_columns&quot;:3,&quot;scroll_columns&quot;:1,&quot;tablet_width&quot;:1024,&quot;tablet_display_columns&quot;:2,&quot;tablet_scroll_columns&quot;:2,&quot;mobile_width&quot;:480,&quot;mobile_display_columns&quot;:1,&quot;mobile_scroll_columns&quot;:1}\" style=\"display:none\">\n\n                            <div class=\"single-custom-carousel htmega-data-title\" data-title=\"Image Grid Title\">\n                                            <img fetchpriority=\"high\" decoding=\"async\" width=\"1024\" height=\"683\" src=\"https:\/\/www.oc-jahorina.com\/wp-content\/uploads\/2023\/12\/JD_09996-1024x683.jpg\" class=\"attachment-large size-large wp-image-25990\" alt=\"\" srcset=\"https:\/\/www.oc-jahorina.com\/wp-content\/uploads\/2023\/12\/JD_09996-1024x683.jpg 1024w, https:\/\/www.oc-jahorina.com\/wp-content\/uploads\/2023\/12\/JD_09996-300x200.jpg 300w, https:\/\/www.oc-jahorina.com\/wp-content\/uploads\/2023\/12\/JD_09996-768x512.jpg 768w, https:\/\/www.oc-jahorina.com\/wp-content\/uploads\/2023\/12\/JD_09996-113x75.jpg 113w, https:\/\/www.oc-jahorina.com\/wp-content\/uploads\/2023\/12\/JD_09996-480x320.jpg 480w\" sizes=\"(max-width:767px) 480px, (max-width:1024px) 100vw, 1024px\" \/>                                    <\/div>\n                            <div class=\"single-custom-carousel htmega-data-title\" data-title=\"\">\n                                            <img decoding=\"async\" width=\"300\" height=\"200\" src=\"https:\/\/www.oc-jahorina.com\/wp-content\/uploads\/2023\/12\/JD_09986-1-300x200.jpg\" class=\"attachment-medium size-medium wp-image-25989\" alt=\"\" srcset=\"https:\/\/www.oc-jahorina.com\/wp-content\/uploads\/2023\/12\/JD_09986-1-300x200.jpg 300w, https:\/\/www.oc-jahorina.com\/wp-content\/uploads\/2023\/12\/JD_09986-1-1024x683.jpg 1024w, https:\/\/www.oc-jahorina.com\/wp-content\/uploads\/2023\/12\/JD_09986-1-768x512.jpg 768w, https:\/\/www.oc-jahorina.com\/wp-content\/uploads\/2023\/12\/JD_09986-1-1536x1024.jpg 1536w, https:\/\/www.oc-jahorina.com\/wp-content\/uploads\/2023\/12\/JD_09986-1-2048x1365.jpg 2048w, https:\/\/www.oc-jahorina.com\/wp-content\/uploads\/2023\/12\/JD_09986-1-113x75.jpg 113w, https:\/\/www.oc-jahorina.com\/wp-content\/uploads\/2023\/12\/JD_09986-1-480x320.jpg 480w\" sizes=\"(max-width:767px) 300px, 300px\" \/>                                    <\/div>\n                            <div class=\"single-custom-carousel htmega-data-title\" data-title=\"\">\n                                            <img decoding=\"async\" width=\"1024\" height=\"683\" src=\"https:\/\/www.oc-jahorina.com\/wp-content\/uploads\/2023\/12\/JD_09937-1024x683.jpg\" class=\"attachment-large size-large wp-image-25977\" alt=\"\" srcset=\"https:\/\/www.oc-jahorina.com\/wp-content\/uploads\/2023\/12\/JD_09937-1024x683.jpg 1024w, https:\/\/www.oc-jahorina.com\/wp-content\/uploads\/2023\/12\/JD_09937-300x200.jpg 300w, https:\/\/www.oc-jahorina.com\/wp-content\/uploads\/2023\/12\/JD_09937-768x512.jpg 768w, https:\/\/www.oc-jahorina.com\/wp-content\/uploads\/2023\/12\/JD_09937-113x75.jpg 113w, https:\/\/www.oc-jahorina.com\/wp-content\/uploads\/2023\/12\/JD_09937-480x320.jpg 480w\" sizes=\"(max-width:767px) 480px, (max-width:1024px) 100vw, 1024px\" \/>                                    <\/div>\n                            <div class=\"single-custom-carousel htmega-data-title\" data-title=\"\">\n                                            <img loading=\"lazy\" decoding=\"async\" width=\"1024\" height=\"683\" src=\"https:\/\/www.oc-jahorina.com\/wp-content\/uploads\/2023\/12\/DSC08521-1024x683.jpg\" class=\"attachment-large size-large wp-image-25975\" alt=\"\" srcset=\"https:\/\/www.oc-jahorina.com\/wp-content\/uploads\/2023\/12\/DSC08521-1024x683.jpg 1024w, https:\/\/www.oc-jahorina.com\/wp-content\/uploads\/2023\/12\/DSC08521-300x200.jpg 300w, https:\/\/www.oc-jahorina.com\/wp-content\/uploads\/2023\/12\/DSC08521-768x512.jpg 768w, https:\/\/www.oc-jahorina.com\/wp-content\/uploads\/2023\/12\/DSC08521-113x75.jpg 113w, https:\/\/www.oc-jahorina.com\/wp-content\/uploads\/2023\/12\/DSC08521-480x320.jpg 480w\" sizes=\"(max-width:767px) 480px, (max-width:1024px) 100vw, 1024px\" \/>                                    <\/div>\n                            <div class=\"single-custom-carousel htmega-data-title\" data-title=\"\">\n                                            <img loading=\"lazy\" decoding=\"async\" width=\"1024\" height=\"683\" src=\"https:\/\/www.oc-jahorina.com\/wp-content\/uploads\/2023\/12\/DSC08511-1-1024x683.jpg\" class=\"attachment-large size-large wp-image-25972\" alt=\"\" srcset=\"https:\/\/www.oc-jahorina.com\/wp-content\/uploads\/2023\/12\/DSC08511-1-1024x683.jpg 1024w, https:\/\/www.oc-jahorina.com\/wp-content\/uploads\/2023\/12\/DSC08511-1-300x200.jpg 300w, https:\/\/www.oc-jahorina.com\/wp-content\/uploads\/2023\/12\/DSC08511-1-768x512.jpg 768w, https:\/\/www.oc-jahorina.com\/wp-content\/uploads\/2023\/12\/DSC08511-1-113x75.jpg 113w, https:\/\/www.oc-jahorina.com\/wp-content\/uploads\/2023\/12\/DSC08511-1-480x320.jpg 480w\" sizes=\"(max-width:767px) 480px, (max-width:1024px) 100vw, 1024px\" \/>                                    <\/div>\n                            <div class=\"single-custom-carousel htmega-data-title\" data-title=\"\">\n                                            <img loading=\"lazy\" decoding=\"async\" width=\"1024\" height=\"683\" src=\"https:\/\/www.oc-jahorina.com\/wp-content\/uploads\/2023\/12\/DSC08511-1024x683.jpg\" class=\"attachment-large size-large wp-image-25962\" alt=\"\" srcset=\"https:\/\/www.oc-jahorina.com\/wp-content\/uploads\/2023\/12\/DSC08511-1024x683.jpg 1024w, https:\/\/www.oc-jahorina.com\/wp-content\/uploads\/2023\/12\/DSC08511-300x200.jpg 300w, https:\/\/www.oc-jahorina.com\/wp-content\/uploads\/2023\/12\/DSC08511-768x512.jpg 768w, https:\/\/www.oc-jahorina.com\/wp-content\/uploads\/2023\/12\/DSC08511-113x75.jpg 113w, https:\/\/www.oc-jahorina.com\/wp-content\/uploads\/2023\/12\/DSC08511-480x320.jpg 480w\" sizes=\"(max-width:767px) 480px, (max-width:1024px) 100vw, 1024px\" \/>                                    <\/div>\n                            <div class=\"single-custom-carousel htmega-data-title\" data-title=\"\">\n                                            <img loading=\"lazy\" decoding=\"async\" width=\"1024\" height=\"683\" src=\"https:\/\/www.oc-jahorina.com\/wp-content\/uploads\/2023\/12\/JD_09991-1024x683.jpg\" class=\"attachment-large size-large wp-image-25961\" alt=\"\" srcset=\"https:\/\/www.oc-jahorina.com\/wp-content\/uploads\/2023\/12\/JD_09991-1024x683.jpg 1024w, https:\/\/www.oc-jahorina.com\/wp-content\/uploads\/2023\/12\/JD_09991-300x200.jpg 300w, https:\/\/www.oc-jahorina.com\/wp-content\/uploads\/2023\/12\/JD_09991-768x512.jpg 768w, https:\/\/www.oc-jahorina.com\/wp-content\/uploads\/2023\/12\/JD_09991-113x75.jpg 113w, https:\/\/www.oc-jahorina.com\/wp-content\/uploads\/2023\/12\/JD_09991-480x320.jpg 480w\" sizes=\"(max-width:767px) 480px, (max-width:1024px) 100vw, 1024px\" \/>                                    <\/div>\n                            <div class=\"single-custom-carousel htmega-data-title\" data-title=\"\">\n                                            <img loading=\"lazy\" decoding=\"async\" width=\"788\" height=\"1024\" src=\"https:\/\/www.oc-jahorina.com\/wp-content\/uploads\/2023\/12\/JD_09986-scaled-e1733475355889-788x1024.jpg\" class=\"attachment-large size-large wp-image-25959\" alt=\"\" srcset=\"https:\/\/www.oc-jahorina.com\/wp-content\/uploads\/2023\/12\/JD_09986-scaled-e1733475355889-788x1024.jpg 788w, https:\/\/www.oc-jahorina.com\/wp-content\/uploads\/2023\/12\/JD_09986-scaled-e1733475355889-231x300.jpg 231w, https:\/\/www.oc-jahorina.com\/wp-content\/uploads\/2023\/12\/JD_09986-scaled-e1733475355889-768x998.jpg 768w, https:\/\/www.oc-jahorina.com\/wp-content\/uploads\/2023\/12\/JD_09986-scaled-e1733475355889-58x75.jpg 58w, https:\/\/www.oc-jahorina.com\/wp-content\/uploads\/2023\/12\/JD_09986-scaled-e1733475355889-480x624.jpg 480w\" sizes=\"(max-width:767px) 480px, (max-width:788px) 100vw, 788px\" \/>                                    <\/div>\n            \n        <\/div>\n\n        \t\t\t\t<\/div>\n\t\t\t\t<\/div>\n\t\t\t\t\t<\/div>\n\t\t<\/div>\n\t\t\t\t\t<\/div>\n\t\t<\/section>\n\t\t\t\t<\/div>\n\t\t","protected":false},"excerpt":{"rendered":"<p>Ski and Snowboard School &#8220;Olympic Center Jahorina&#8221; &#8211; Feel Life on Skis Do you want to learn or improve your skiing or snowboarding skills? Look no<span class=\"excerpt-hellip\"> [\u2026]<\/span><\/p>\n","protected":false},"author":7,"featured_media":0,"parent":0,"menu_order":0,"comment_status":"closed","ping_status":"closed","template":"","meta":{"_monsterinsights_skip_tracking":false,"_monsterinsights_sitenote_active":false,"_monsterinsights_sitenote_note":"","_monsterinsights_sitenote_category":0,"_price":"","_stock":"","_tribe_ticket_header":"","_tribe_default_ticket_provider":"","_ticket_start_date":"","_ticket_end_date":"","_tribe_ticket_show_description":"","_tribe_ticket_show_not_going":false,"_tribe_ticket_use_global_stock":"","_tribe_ticket_global_stock_level":"","_global_stock_mode":"","_global_stock_cap":"","_tribe_rsvp_for_event":"","_tribe_ticket_going_count":"","_tribe_ticket_not_going_count":"","_tribe_tickets_list":"[]","_tribe_ticket_has_attendee_info_fields":false,"footnotes":"","_tec_slr_enabled":"","_tec_slr_layout":""},"class_list":["post-10184","page","type-page","status-publish","hentry"],"ticketed":false,"_links":{"self":[{"href":"https:\/\/www.oc-jahorina.com\/en\/wp-json\/wp\/v2\/pages\/10184","targetHints":{"allow":["GET"]}}],"collection":[{"href":"https:\/\/www.oc-jahorina.com\/en\/wp-json\/wp\/v2\/pages"}],"about":[{"href":"https:\/\/www.oc-jahorina.com\/en\/wp-json\/wp\/v2\/types\/page"}],"author":[{"embeddable":true,"href":"https:\/\/www.oc-jahorina.com\/en\/wp-json\/wp\/v2\/users\/7"}],"replies":[{"embeddable":true,"href":"https:\/\/www.oc-jahorina.com\/en\/wp-json\/wp\/v2\/comments?post=10184"}],"version-history":[{"count":351,"href":"https:\/\/www.oc-jahorina.com\/en\/wp-json\/wp\/v2\/pages\/10184\/revisions"}],"predecessor-version":[{"id":32881,"href":"https:\/\/www.oc-jahorina.com\/en\/wp-json\/wp\/v2\/pages\/10184\/revisions\/32881"}],"wp:attachment":[{"href":"https:\/\/www.oc-jahorina.com\/en\/wp-json\/wp\/v2\/media?parent=10184"}],"curies":[{"name":"wp","href":"https:\/\/api.w.org\/{rel}","templated":true}]}}